{"id":426,"date":"2019-05-02T04:01:26","date_gmt":"2019-05-02T04:01:26","guid":{"rendered":"https:\/\/themify.me\/demo\/themes\/ultra-magazine\/?page_id=79"},"modified":"2020-02-14T18:26:31","modified_gmt":"2020-02-14T21:26:31","slug":"home","status":"publish","type":"page","link":"https:\/\/comunicacaoestrategicacps.com.br\/blog\/","title":{"rendered":"Home"},"content":{"rendered":"<!--themify_builder_content-->\n<div id=\"themify_builder_content-426\" data-postid=\"426\" class=\"themify_builder_content themify_builder_content-426 themify_builder tf_clear\">\n    \t\t\t<!-- module_row -->\n\t<div  data-lazy=\"1\" class=\"module_row themify_builder_row tb_ft4i305 tb_first tf_w tf_clearfix\">\n\t    \t\t\t<div class=\"row_inner col_align_top tb_col_count_1 tf_box tf_rel\">\n\t\t            <div  data-lazy=\"1\" class=\"module_column tb-column col-full tb_il4o308 first\">\n                                                        <div class=\"tb-column-inner tf_box tf_w\">\n                        <!-- module fancy heading -->\n<div  class=\"module module-fancy-heading tb_86be997 \" data-lazy=\"1\">\n        <h3 class=\"fancy-heading tf_textc\">\n    <span class=\"main-head tf_block\">\n\t\t\t\t\t\u00daltimas Not\u00edcias por Categoria\t\t    <\/span>\n\n\t\n    <span class=\"sub-head tf_block tf_rel\">\n\t\t\t\t\t\t\t    <\/span>\n    <\/h3>\n<\/div>\n<!-- \/module fancy heading -->\n                    <\/div>\n                            <\/div>\n            \t    <\/div>\n\t    <!-- \/row_inner -->\n\t<\/div>\n\t<!-- \/module_row -->\n\t\t\t\t<!-- module_row -->\n\t<div  data-lazy=\"1\" class=\"module_row themify_builder_row tb_o4jo661 tf_w tf_clearfix\">\n\t    \t\t\t<div class=\"row_inner col_align_top tb_col_count_3 tf_box tf_rel\">\n\t\t            <div  data-lazy=\"1\" class=\"module_column tb-column col3-1 tb_71f5663 first\">\n                                                        <div class=\"tb-column-inner tf_box tf_w\">\n                        <!-- module fancy heading -->\n<div  class=\"module module-fancy-heading tb_kqtl842 \" data-lazy=\"1\">\n        <h3 class=\"fancy-heading tf_textc\">\n    <span class=\"main-head tf_block\">\n\t\t\t\t\tEconomia\t\t    <\/span>\n\n\t\n    <span class=\"sub-head tf_block tf_rel\">\n\t\t\t\t\t\t\t    <\/span>\n    <\/h3>\n<\/div>\n<!-- \/module fancy heading -->\n<!-- module post -->\n<div  class=\"module module-post tb_dqzl110  tb_fullwidth_image\">\n        <div  class=\"builder-posts-wrap loops-wrapper list-post classic tf_clear tf_clearfix\" data-lazy=\"1\">\n\t<article id=\"post-4195\" class=\"post tf_clearfix post-4195 type-post status-publish format-standard has-post-thumbnail hentry category-negocios-e-economia has-post-title has-post-date has-post-category has-post-tag has-post-comment has-post-author \">\n\t    \n\t\t\t\t<figure class=\"post-image tf_clearfix\">\n\t\t\t    \t\t\t\t\t\t\t\t<a href=\"https:\/\/comunicacaoestrategicacps.com.br\/blog\/exportacoes-para-os-estados-unidos-caem-122-no-ano-aponta-amcham\/\">\n\t\t\t\t\t\t\t\t<img loading=\"lazy\" decoding=\"async\" src=\"https:\/\/comunicacaoestrategicacps.com.br\/blog\/wp-content\/uploads\/2026\/08\/Amcham_conselho-239-1024x683-275x200.jpg\" width=\"275\" height=\"200\" class=\"wp-post-image wp-image-4196\" title=\"Amcham_conselho (239)\" alt=\"Amcham_conselho (239)\">\t\t\t\t\t\t\t\t    \t\t\t\t<\/a>\n\t\t\t\t\t\t\t    \t\t\t<\/figure>\n\t\t\t\t<div class=\"post-content\">\n\t\t<div class=\"post-content-inner\">\n\n\t\t\t\t\t\t\t\t<div class=\"post-date-wrap\">\n\t\t<time class=\"post-date entry-date updated\" datetime=\"2026-08-24\">\n\t\t\t\t\t\t\t\t<span class=\"day\">24<\/span> <span class=\"month\">agosto<\/span> <span class=\"year\">2026<\/span> \t\t\t\t<\/time>\n\t<\/div><!-- .post-date-wrap -->\n\t\t\t\t\n\t\t\t<h2 class=\"post-title entry-title\"><a href=\"https:\/\/comunicacaoestrategicacps.com.br\/blog\/exportacoes-para-os-estados-unidos-caem-122-no-ano-aponta-amcham\/\">Exporta\u00e7\u00f5es para os Estados Unidos caem 12,2% no ano, aponta Amcham<\/a><\/h2>\n\t\t\t\n\t\t\t\n\t\t\t\t<div class=\"entry-content\">\n\n        \n\t<\/div><!-- \/.entry-content -->\n\t\n\t\t<\/div>\n\t\t<!-- \/.post-content-inner -->\n\t<\/div>\n\t<!-- \/.post-content -->\n\t\n<\/article>\n<!-- \/.post -->\n<article id=\"post-4192\" class=\"post tf_clearfix post-4192 type-post status-publish format-standard has-post-thumbnail hentry category-negocios-e-economia has-post-title has-post-date has-post-category has-post-tag has-post-comment has-post-author \">\n\t    \n\t\t\t\t<figure class=\"post-image tf_clearfix\">\n\t\t\t    \t\t\t\t\t\t\t\t<a href=\"https:\/\/comunicacaoestrategicacps.com.br\/blog\/avanco-do-pix-pagamento-instantaneo-ja-responde-por-mais-de-20-do-faturamento-de-bares-e-restaurantes\/\">\n\t\t\t\t\t\t\t\t<img loading=\"lazy\" decoding=\"async\" src=\"https:\/\/comunicacaoestrategicacps.com.br\/blog\/wp-content\/uploads\/2026\/08\/Pix-1024x683-275x200.png\" width=\"275\" height=\"200\" class=\"wp-post-image wp-image-4193\" title=\"Pix\" alt=\"Pix\">\t\t\t\t\t\t\t\t    \t\t\t\t<\/a>\n\t\t\t\t\t\t\t    \t\t\t<\/figure>\n\t\t\t\t<div class=\"post-content\">\n\t\t<div class=\"post-content-inner\">\n\n\t\t\t\t\t\t\t\t<div class=\"post-date-wrap\">\n\t\t<time class=\"post-date entry-date updated\" datetime=\"2026-08-24\">\n\t\t\t\t\t\t\t\t<span class=\"day\">24<\/span> <span class=\"month\">agosto<\/span> <span class=\"year\">2026<\/span> \t\t\t\t<\/time>\n\t<\/div><!-- .post-date-wrap -->\n\t\t\t\t\n\t\t\t<h2 class=\"post-title entry-title\"><a href=\"https:\/\/comunicacaoestrategicacps.com.br\/blog\/avanco-do-pix-pagamento-instantaneo-ja-responde-por-mais-de-20-do-faturamento-de-bares-e-restaurantes\/\">Avan\u00e7o do Pix: pagamento instant\u00e2neo j\u00e1 responde por mais de 20% do faturamento de bares e restaurantes<\/a><\/h2>\n\t\t\t\n\t\t\t\n\t\t\t\t<div class=\"entry-content\">\n\n        \n\t<\/div><!-- \/.entry-content -->\n\t\n\t\t<\/div>\n\t\t<!-- \/.post-content-inner -->\n\t<\/div>\n\t<!-- \/.post-content -->\n\t\n<\/article>\n<!-- \/.post -->\n<\/div><!-- .builder-posts-wrap -->\n    <\/div>\n    <!-- \/module post -->\n                    <\/div>\n                            <\/div>\n                        <div  data-lazy=\"1\" class=\"module_column tb-column col3-1 tb_kf13456\">\n                                                        <div class=\"tb-column-inner tf_box tf_w\">\n                        <!-- module fancy heading -->\n<div  class=\"module module-fancy-heading tb_gap3668 \" data-lazy=\"1\">\n        <h3 class=\"fancy-heading tf_textc\">\n    <span class=\"main-head tf_block\">\n\t\t\t\t\tGastronomia\t\t    <\/span>\n\n\t\n    <span class=\"sub-head tf_block tf_rel\">\n\t\t\t\t\t\t\t    <\/span>\n    <\/h3>\n<\/div>\n<!-- \/module fancy heading -->\n<!-- module post -->\n<div  class=\"module module-post tb_cmlv438  tb_fullwidth_image\">\n        <div  class=\"builder-posts-wrap loops-wrapper list-post classic tf_clear tf_clearfix\" data-lazy=\"1\">\n\t<article id=\"post-4198\" class=\"post tf_clearfix post-4198 type-post status-publish format-standard has-post-thumbnail hentry category-gastronomia has-post-title has-post-date has-post-category has-post-tag has-post-comment has-post-author \">\n\t    \n\t\t\t\t<figure class=\"post-image tf_clearfix\">\n\t\t\t    \t\t\t\t\t\t\t\t<a href=\"https:\/\/comunicacaoestrategicacps.com.br\/blog\/raizes-zen-de-campinas-representa-sao-paulo-na-final-nacional-do-concurso-o-quilo-e-nosso\/\">\n\t\t\t\t\t\t\t\t<img loading=\"lazy\" decoding=\"async\" src=\"https:\/\/comunicacaoestrategicacps.com.br\/blog\/wp-content\/uploads\/2026\/08\/o-quilo-e-nosso-premiacao-2-275x200.jpg\" width=\"275\" height=\"200\" class=\"wp-post-image wp-image-4172\" title=\"o quilo e nosso premiacao\" alt=\"o quilo e nosso premiacao\">\t\t\t\t\t\t\t\t    \t\t\t\t<\/a>\n\t\t\t\t\t\t\t    \t\t\t<\/figure>\n\t\t\t\t<div class=\"post-content\">\n\t\t<div class=\"post-content-inner\">\n\n\t\t\t\t\t\t\t\t<div class=\"post-date-wrap\">\n\t\t<time class=\"post-date entry-date updated\" datetime=\"2026-08-24\">\n\t\t\t\t\t\t\t\t<span class=\"day\">24<\/span> <span class=\"month\">agosto<\/span> <span class=\"year\">2026<\/span> \t\t\t\t<\/time>\n\t<\/div><!-- .post-date-wrap -->\n\t\t\t\t\n\t\t\t<h2 class=\"post-title entry-title\"><a href=\"https:\/\/comunicacaoestrategicacps.com.br\/blog\/raizes-zen-de-campinas-representa-sao-paulo-na-final-nacional-do-concurso-o-quilo-e-nosso\/\">Ra\u00edzes Zen, de Campinas, representa S\u00e3o Paulo na final nacional do concurso O Quilo \u00e9 Nosso<\/a><\/h2>\n\t\t\t\n\t\t\t\n\t\t\t\t<div class=\"entry-content\">\n\n        \n\t<\/div><!-- \/.entry-content -->\n\t\n\t\t<\/div>\n\t\t<!-- \/.post-content-inner -->\n\t<\/div>\n\t<!-- \/.post-content -->\n\t\n<\/article>\n<!-- \/.post -->\n<article id=\"post-4189\" class=\"post tf_clearfix post-4189 type-post status-publish format-standard has-post-thumbnail hentry category-gastronomia category-negocios-e-economia has-post-title has-post-date has-post-category has-post-tag has-post-comment has-post-author \">\n\t    \n\t\t\t\t<figure class=\"post-image tf_clearfix\">\n\t\t\t    \t\t\t\t\t\t\t\t<a href=\"https:\/\/comunicacaoestrategicacps.com.br\/blog\/dia-dos-pais-deve-movimentar-restaurantes-da-regiao-de-campinas-confira-opcoes-para-celebrar-a-data\/\">\n\t\t\t\t\t\t\t\t<img loading=\"lazy\" decoding=\"async\" src=\"https:\/\/comunicacaoestrategicacps.com.br\/blog\/wp-content\/uploads\/2026\/06\/Benedito-FOTO-FACHADA-275x200.jpg\" width=\"275\" height=\"200\" class=\"wp-post-image wp-image-4072\" title=\"Benedito FOTO-FACHADA\" alt=\"Benedito FOTO-FACHADA\">\t\t\t\t\t\t\t\t    \t\t\t\t<\/a>\n\t\t\t\t\t\t\t    \t\t\t<\/figure>\n\t\t\t\t<div class=\"post-content\">\n\t\t<div class=\"post-content-inner\">\n\n\t\t\t\t\t\t\t\t<div class=\"post-date-wrap\">\n\t\t<time class=\"post-date entry-date updated\" datetime=\"2026-08-17\">\n\t\t\t\t\t\t\t\t<span class=\"day\">17<\/span> <span class=\"month\">agosto<\/span> <span class=\"year\">2026<\/span> \t\t\t\t<\/time>\n\t<\/div><!-- .post-date-wrap -->\n\t\t\t\t\n\t\t\t<h2 class=\"post-title entry-title\"><a href=\"https:\/\/comunicacaoestrategicacps.com.br\/blog\/dia-dos-pais-deve-movimentar-restaurantes-da-regiao-de-campinas-confira-opcoes-para-celebrar-a-data\/\">Dia dos Pais deve movimentar restaurantes da regi\u00e3o de Campinas; confira op\u00e7\u00f5es para celebrar a data<\/a><\/h2>\n\t\t\t\n\t\t\t\n\t\t\t\t<div class=\"entry-content\">\n\n        \n\t<\/div><!-- \/.entry-content -->\n\t\n\t\t<\/div>\n\t\t<!-- \/.post-content-inner -->\n\t<\/div>\n\t<!-- \/.post-content -->\n\t\n<\/article>\n<!-- \/.post -->\n<\/div><!-- .builder-posts-wrap -->\n    <\/div>\n    <!-- \/module post -->\n                    <\/div>\n                            <\/div>\n                        <div  data-lazy=\"1\" class=\"module_column tb-column col3-1 tb_8b3z457 last\">\n                                                        <div class=\"tb-column-inner tf_box tf_w\">\n                        <!-- module fancy heading -->\n<div  class=\"module module-fancy-heading tb_rt0o795 \" data-lazy=\"1\">\n        <h3 class=\"fancy-heading tf_textc\">\n    <span class=\"main-head tf_block\">\n\t\t\t\t\tMerc. Imobili\u00e1rio\t\t    <\/span>\n\n\t\n    <span class=\"sub-head tf_block tf_rel\">\n\t\t\t\t\t\t\t    <\/span>\n    <\/h3>\n<\/div>\n<!-- \/module fancy heading -->\n<!-- module post -->\n<div  class=\"module module-post tb_y17t926  tb_fullwidth_image\">\n        <div  class=\"builder-posts-wrap loops-wrapper list-post classic tf_clear tf_clearfix\" data-lazy=\"1\">\n\t<article id=\"post-3938\" class=\"post tf_clearfix post-3938 type-post status-publish format-standard has-post-thumbnail hentry category-mercado-imobiliario has-post-title has-post-date has-post-category has-post-tag has-post-comment has-post-author \">\n\t    \n\t\t\t\t<figure class=\"post-image tf_clearfix\">\n\t\t\t    \t\t\t\t\t\t\t\t<a href=\"https:\/\/comunicacaoestrategicacps.com.br\/blog\/evento-gratuito-em-vinhedo-aborda-os-impactos-da-reforma-tributaria-para-condominios\/\">\n\t\t\t\t\t\t\t\t<img loading=\"lazy\" decoding=\"async\" src=\"https:\/\/comunicacaoestrategicacps.com.br\/blog\/wp-content\/uploads\/2026\/04\/Rede-encontro-1024x683-275x200.jpg\" width=\"275\" height=\"200\" class=\"wp-post-image wp-image-3939\" title=\"Rede encontro\" alt=\"Rede encontro\">\t\t\t\t\t\t\t\t    \t\t\t\t<\/a>\n\t\t\t\t\t\t\t    \t\t\t<\/figure>\n\t\t\t\t<div class=\"post-content\">\n\t\t<div class=\"post-content-inner\">\n\n\t\t\t\t\t\t\t\t<div class=\"post-date-wrap\">\n\t\t<time class=\"post-date entry-date updated\" datetime=\"2026-04-19\">\n\t\t\t\t\t\t\t\t<span class=\"day\">19<\/span> <span class=\"month\">abril<\/span> <span class=\"year\">2026<\/span> \t\t\t\t<\/time>\n\t<\/div><!-- .post-date-wrap -->\n\t\t\t\t\n\t\t\t<h2 class=\"post-title entry-title\"><a href=\"https:\/\/comunicacaoestrategicacps.com.br\/blog\/evento-gratuito-em-vinhedo-aborda-os-impactos-da-reforma-tributaria-para-condominios\/\">Evento gratuito em Vinhedo aborda os impactos da reforma tribut\u00e1ria para condom\u00ednios<\/a><\/h2>\n\t\t\t\n\t\t\t\n\t\t\t\t<div class=\"entry-content\">\n\n        \n\t<\/div><!-- \/.entry-content -->\n\t\n\t\t<\/div>\n\t\t<!-- \/.post-content-inner -->\n\t<\/div>\n\t<!-- \/.post-content -->\n\t\n<\/article>\n<!-- \/.post -->\n<article id=\"post-3805\" class=\"post tf_clearfix post-3805 type-post status-publish format-standard has-post-thumbnail hentry category-mercado-imobiliario has-post-title has-post-date has-post-category has-post-tag has-post-comment has-post-author \">\n\t    \n\t\t\t\t<figure class=\"post-image tf_clearfix\">\n\t\t\t    \t\t\t\t\t\t\t\t<a href=\"https:\/\/comunicacaoestrategicacps.com.br\/blog\/fundos-imobiliarios-movimentam-mais-de-r-12-bi-em-negocios-na-regiao-de-campinas-desde-o-final-de-2025\/\">\n\t\t\t\t\t\t\t\t<img loading=\"lazy\" decoding=\"async\" src=\"https:\/\/comunicacaoestrategicacps.com.br\/blog\/wp-content\/uploads\/2026\/01\/silvio-faria-1022x1024-275x200.jpeg\" width=\"275\" height=\"200\" class=\"wp-post-image wp-image-3806\" title=\"silvio faria\" alt=\"silvio faria\">\t\t\t\t\t\t\t\t    \t\t\t\t<\/a>\n\t\t\t\t\t\t\t    \t\t\t<\/figure>\n\t\t\t\t<div class=\"post-content\">\n\t\t<div class=\"post-content-inner\">\n\n\t\t\t\t\t\t\t\t<div class=\"post-date-wrap\">\n\t\t<time class=\"post-date entry-date updated\" datetime=\"2026-01-18\">\n\t\t\t\t\t\t\t\t<span class=\"day\">18<\/span> <span class=\"month\">janeiro<\/span> <span class=\"year\">2026<\/span> \t\t\t\t<\/time>\n\t<\/div><!-- .post-date-wrap -->\n\t\t\t\t\n\t\t\t<h2 class=\"post-title entry-title\"><a href=\"https:\/\/comunicacaoestrategicacps.com.br\/blog\/fundos-imobiliarios-movimentam-mais-de-r-12-bi-em-negocios-na-regiao-de-campinas-desde-o-final-de-2025\/\">Fundos imobili\u00e1rios movimentam mais de R$ 1,2 bi em neg\u00f3cios na regi\u00e3o de Campinas desde o final de 2025<\/a><\/h2>\n\t\t\t\n\t\t\t\n\t\t\t\t<div class=\"entry-content\">\n\n        \n\t<\/div><!-- \/.entry-content -->\n\t\n\t\t<\/div>\n\t\t<!-- \/.post-content-inner -->\n\t<\/div>\n\t<!-- \/.post-content -->\n\t\n<\/article>\n<!-- \/.post -->\n<\/div><!-- .builder-posts-wrap -->\n    <\/div>\n    <!-- \/module post -->\n                    <\/div>\n                            <\/div>\n            \t    <\/div>\n\t    <!-- \/row_inner -->\n\t<\/div>\n\t<!-- \/module_row -->\n\t\t\t\t<!-- module_row -->\n\t<div  data-lazy=\"1\" class=\"module_row themify_builder_row tb_o8nv443 tf_w tf_clearfix\">\n\t    \t\t\t<div class=\"row_inner col_align_top tb_col_count_3 tf_box tf_rel\">\n\t\t            <div  data-lazy=\"1\" class=\"module_column tb-column col3-1 tb_fz1w444 first\">\n                                                        <div class=\"tb-column-inner tf_box tf_w\">\n                        \t<div  data-lazy=\"1\" class=\"module_subrow themify_builder_sub_row tb_nqth803 tf_w tf_clearfix\">\n\t    \t\t\t<div class=\"subrow_inner col_align_top tb_col_count_1 tf_box tf_w\">\n\t\t            <div  data-lazy=\"1\" class=\"module_column sub_column col-full tb_j97a805 first\">\n                                                        <div class=\"tb-column-inner tf_box tf_w\">\n                        <!-- module fancy heading -->\n<div  class=\"module module-fancy-heading tb_kzgl213 \" data-lazy=\"1\">\n        <h3 class=\"fancy-heading tf_textc\">\n    <span class=\"main-head tf_block\">\n\t\t\t\t\tJur\u00eddico\t\t    <\/span>\n\n\t\n    <span class=\"sub-head tf_block tf_rel\">\n\t\t\t\t\t\t\t    <\/span>\n    <\/h3>\n<\/div>\n<!-- \/module fancy heading -->\n<!-- module post -->\n<div  class=\"module module-post tb_cm05242  tb_fullwidth_image\">\n        <div  class=\"builder-posts-wrap loops-wrapper list-post classic tf_clear tf_clearfix\" data-lazy=\"1\">\n\t<article id=\"post-4139\" class=\"post tf_clearfix post-4139 type-post status-publish format-standard has-post-thumbnail hentry category-advocacia-e-juridico has-post-title has-post-date has-post-category has-post-tag has-post-comment has-post-author \">\n\t    \n\t\t\t\t<figure class=\"post-image tf_clearfix\">\n\t\t\t    \t\t\t\t\t\t\t\t<a href=\"https:\/\/comunicacaoestrategicacps.com.br\/blog\/abrasel-lanca-guia-de-orientacao-e-prevencao-ao-vicio-em-apostas-esportivas-para-bares-e-restaurante\/\">\n\t\t\t\t\t\t\t\t<img loading=\"lazy\" decoding=\"async\" width=\"750\" height=\"422\" src=\"https:\/\/comunicacaoestrategicacps.com.br\/blog\/wp-content\/uploads\/2026\/08\/ABRASEL-BETS.png\" class=\"wp-post-image wp-image-4141\" title=\"ABRASEL BETS\" alt=\"ABRASEL BETS\" srcset=\"https:\/\/comunicacaoestrategicacps.com.br\/blog\/wp-content\/uploads\/2026\/08\/ABRASEL-BETS.png 750w, https:\/\/comunicacaoestrategicacps.com.br\/blog\/wp-content\/uploads\/2026\/08\/ABRASEL-BETS-300x169.png 300w\" sizes=\"auto, (max-width: 750px) 100vw, 750px\" \/>\t\t\t\t\t\t\t\t    \t\t\t\t<\/a>\n\t\t\t\t\t\t\t    \t\t\t<\/figure>\n\t\t\t\t<div class=\"post-content\">\n\t\t<div class=\"post-content-inner\">\n\n\t\t\t\t\t\t\t\t<div class=\"post-date-wrap\">\n\t\t<time class=\"post-date entry-date updated\" datetime=\"2026-08-06\">\n\t\t\t\t\t\t\t\t<span class=\"day\">06<\/span> <span class=\"month\">agosto<\/span> <span class=\"year\">2026<\/span> \t\t\t\t<\/time>\n\t<\/div><!-- .post-date-wrap -->\n\t\t\t\t\n\t\t\t<h2 class=\"post-title entry-title\"><a href=\"https:\/\/comunicacaoestrategicacps.com.br\/blog\/abrasel-lanca-guia-de-orientacao-e-prevencao-ao-vicio-em-apostas-esportivas-para-bares-e-restaurante\/\">Abrasel lan\u00e7a guia de orienta\u00e7\u00e3o e preven\u00e7\u00e3o ao v\u00edcio em apostas esportivas para bares e restaurante<\/a><\/h2>\n\t\t\t\n\t\t\t\n\t\t\t\t<div class=\"entry-content\">\n\n        \n\t<\/div><!-- \/.entry-content -->\n\t\n\t\t<\/div>\n\t\t<!-- \/.post-content-inner -->\n\t<\/div>\n\t<!-- \/.post-content -->\n\t\n<\/article>\n<!-- \/.post -->\n<article id=\"post-4137\" class=\"post tf_clearfix post-4137 type-post status-publish format-standard has-post-thumbnail hentry category-advocacia-e-juridico has-post-title has-post-date has-post-category has-post-tag has-post-comment has-post-author \">\n\t    \n\t\t\t\t<figure class=\"post-image tf_clearfix\">\n\t\t\t    \t\t\t\t\t\t\t\t<a href=\"https:\/\/comunicacaoestrategicacps.com.br\/blog\/a-inseguranca-digital-e-a-nova-arquitetura-do-medo-de-8-em-cada-10-brasileiros-temem-ser-vitimas-de-golpes-digitais\/\">\n\t\t\t\t\t\t\t\t<img loading=\"lazy\" decoding=\"async\" width=\"864\" height=\"1184\" src=\"https:\/\/comunicacaoestrategicacps.com.br\/blog\/wp-content\/uploads\/2026\/05\/Foto-Rodolfo.jpeg\" class=\"wp-post-image wp-image-4030\" title=\"Foto Rodolfo\" alt=\"Foto Rodolfo\" srcset=\"https:\/\/comunicacaoestrategicacps.com.br\/blog\/wp-content\/uploads\/2026\/05\/Foto-Rodolfo.jpeg 864w, https:\/\/comunicacaoestrategicacps.com.br\/blog\/wp-content\/uploads\/2026\/05\/Foto-Rodolfo-219x300.jpeg 219w, https:\/\/comunicacaoestrategicacps.com.br\/blog\/wp-content\/uploads\/2026\/05\/Foto-Rodolfo-747x1024.jpeg 747w, https:\/\/comunicacaoestrategicacps.com.br\/blog\/wp-content\/uploads\/2026\/05\/Foto-Rodolfo-768x1052.jpeg 768w\" sizes=\"auto, (max-width: 864px) 100vw, 864px\" \/>\t\t\t\t\t\t\t\t    \t\t\t\t<\/a>\n\t\t\t\t\t\t\t    \t\t\t<\/figure>\n\t\t\t\t<div class=\"post-content\">\n\t\t<div class=\"post-content-inner\">\n\n\t\t\t\t\t\t\t\t<div class=\"post-date-wrap\">\n\t\t<time class=\"post-date entry-date updated\" datetime=\"2026-08-06\">\n\t\t\t\t\t\t\t\t<span class=\"day\">06<\/span> <span class=\"month\">agosto<\/span> <span class=\"year\">2026<\/span> \t\t\t\t<\/time>\n\t<\/div><!-- .post-date-wrap -->\n\t\t\t\t\n\t\t\t<h2 class=\"post-title entry-title\"><a href=\"https:\/\/comunicacaoestrategicacps.com.br\/blog\/a-inseguranca-digital-e-a-nova-arquitetura-do-medo-de-8-em-cada-10-brasileiros-temem-ser-vitimas-de-golpes-digitais\/\">A Inseguran\u00e7a Digital e a Nova Arquitetura do Medo: de 8 em cada 10 brasileiros temem ser v\u00edtimas de golpes digitais<\/a><\/h2>\n\t\t\t\n\t\t\t\n\t\t\t\t<div class=\"entry-content\">\n\n        \n\t<\/div><!-- \/.entry-content -->\n\t\n\t\t<\/div>\n\t\t<!-- \/.post-content-inner -->\n\t<\/div>\n\t<!-- \/.post-content -->\n\t\n<\/article>\n<!-- \/.post -->\n<\/div><!-- .builder-posts-wrap -->\n    <\/div>\n    <!-- \/module post -->\n                    <\/div>\n                            <\/div>\n            \t    <\/div>\n\t<\/div><!-- \/themify_builder_sub_row -->\n\t\t<div  data-lazy=\"1\" class=\"module_subrow themify_builder_sub_row tb_4h24201 tf_w tf_clearfix\">\n\t    \t\t\t<div class=\"subrow_inner col_align_top tb_col_count_1 tf_box tf_w\">\n\t\t            <div  data-lazy=\"1\" class=\"module_column sub_column col-full tb_9067203 first\">\n                                                <\/div>\n            \t    <\/div>\n\t<\/div><!-- \/themify_builder_sub_row -->\n\t                    <\/div>\n                            <\/div>\n                        <div  data-lazy=\"1\" class=\"module_column tb-column col3-1 tb_o80f835\">\n                                                        <div class=\"tb-column-inner tf_box tf_w\">\n                        <!-- module fancy heading -->\n<div  class=\"module module-fancy-heading tb_m9ob275 \" data-lazy=\"1\">\n        <h3 class=\"fancy-heading tf_textc\">\n    <span class=\"main-head tf_block\">\n\t\t\t\t\tEsporte e Sa\u00fade\t\t    <\/span>\n\n\t\n    <span class=\"sub-head tf_block tf_rel\">\n\t\t\t\t\t\t\t    <\/span>\n    <\/h3>\n<\/div>\n<!-- \/module fancy heading -->\n<!-- module post -->\n<div  class=\"module module-post tb_18n7963  tb_fullwidth_image\">\n        <div  class=\"builder-posts-wrap loops-wrapper list-post classic tf_clear tf_clearfix\" data-lazy=\"1\">\n\t<article id=\"post-4077\" class=\"post tf_clearfix post-4077 type-post status-publish format-standard has-post-thumbnail hentry category-esportes-e-saude has-post-title has-post-date has-post-category has-post-tag has-post-comment has-post-author \">\n\t    \n\t\t\t\t<figure class=\"post-image tf_clearfix\">\n\t\t\t    \t\t\t\t\t\t\t\t<a href=\"https:\/\/comunicacaoestrategicacps.com.br\/blog\/perder-gordura-abdominal-vai-alem-do-treino-entenda-o-jogo-completo\/\">\n\t\t\t\t\t\t\t\t<img loading=\"lazy\" decoding=\"async\" width=\"1280\" height=\"869\" src=\"https:\/\/comunicacaoestrategicacps.com.br\/blog\/wp-content\/uploads\/2026\/06\/cia-setembro-amarelo-scaled.jpeg\" class=\"wp-post-image wp-image-4078\" title=\"cia setembro amarelo\" alt=\"cia setembro amarelo\" srcset=\"https:\/\/comunicacaoestrategicacps.com.br\/blog\/wp-content\/uploads\/2026\/06\/cia-setembro-amarelo-scaled.jpeg 1280w, https:\/\/comunicacaoestrategicacps.com.br\/blog\/wp-content\/uploads\/2026\/06\/cia-setembro-amarelo-300x204.jpeg 300w, https:\/\/comunicacaoestrategicacps.com.br\/blog\/wp-content\/uploads\/2026\/06\/cia-setembro-amarelo-1024x695.jpeg 1024w, https:\/\/comunicacaoestrategicacps.com.br\/blog\/wp-content\/uploads\/2026\/06\/cia-setembro-amarelo-768x521.jpeg 768w, https:\/\/comunicacaoestrategicacps.com.br\/blog\/wp-content\/uploads\/2026\/06\/cia-setembro-amarelo-1536x1043.jpeg 1536w\" sizes=\"auto, (max-width: 1280px) 100vw, 1280px\" \/>\t\t\t\t\t\t\t\t    \t\t\t\t<\/a>\n\t\t\t\t\t\t\t    \t\t\t<\/figure>\n\t\t\t\t<div class=\"post-content\">\n\t\t<div class=\"post-content-inner\">\n\n\t\t\t\t\t\t\t\t<div class=\"post-date-wrap\">\n\t\t<time class=\"post-date entry-date updated\" datetime=\"2026-06-14\">\n\t\t\t\t\t\t\t\t<span class=\"day\">14<\/span> <span class=\"month\">junho<\/span> <span class=\"year\">2026<\/span> \t\t\t\t<\/time>\n\t<\/div><!-- .post-date-wrap -->\n\t\t\t\t\n\t\t\t<h2 class=\"post-title entry-title\"><a href=\"https:\/\/comunicacaoestrategicacps.com.br\/blog\/perder-gordura-abdominal-vai-alem-do-treino-entenda-o-jogo-completo\/\">Perder gordura abdominal vai al\u00e9m do treino: entenda o jogo completo<\/a><\/h2>\n\t\t\t\n\t\t\t\n\t\t\t\t<div class=\"entry-content\">\n\n        \n\t<\/div><!-- \/.entry-content -->\n\t\n\t\t<\/div>\n\t\t<!-- \/.post-content-inner -->\n\t<\/div>\n\t<!-- \/.post-content -->\n\t\n<\/article>\n<!-- \/.post -->\n<article id=\"post-4019\" class=\"post tf_clearfix post-4019 type-post status-publish format-standard has-post-thumbnail hentry category-esportes-e-saude has-post-title has-post-date has-post-category has-post-tag has-post-comment has-post-author \">\n\t    \n\t\t\t\t<figure class=\"post-image tf_clearfix\">\n\t\t\t    \t\t\t\t\t\t\t\t<a href=\"https:\/\/comunicacaoestrategicacps.com.br\/blog\/seu-treino-esta-pesado-demais-ou-leve-demais-descubra-o-ponto-ideal\/\">\n\t\t\t\t\t\t\t\t<img loading=\"lazy\" decoding=\"async\" width=\"1280\" height=\"853\" src=\"https:\/\/comunicacaoestrategicacps.com.br\/blog\/wp-content\/uploads\/2026\/05\/cia-exercicio-scaled.jpeg\" class=\"wp-post-image wp-image-4021\" title=\"cia exerc\u00edcio\" alt=\"cia exerc\u00edcio\" srcset=\"https:\/\/comunicacaoestrategicacps.com.br\/blog\/wp-content\/uploads\/2026\/05\/cia-exercicio-scaled.jpeg 1280w, https:\/\/comunicacaoestrategicacps.com.br\/blog\/wp-content\/uploads\/2026\/05\/cia-exercicio-300x200.jpeg 300w, https:\/\/comunicacaoestrategicacps.com.br\/blog\/wp-content\/uploads\/2026\/05\/cia-exercicio-1024x682.jpeg 1024w, https:\/\/comunicacaoestrategicacps.com.br\/blog\/wp-content\/uploads\/2026\/05\/cia-exercicio-768x512.jpeg 768w, https:\/\/comunicacaoestrategicacps.com.br\/blog\/wp-content\/uploads\/2026\/05\/cia-exercicio-1536x1023.jpeg 1536w\" sizes=\"auto, (max-width: 1280px) 100vw, 1280px\" \/>\t\t\t\t\t\t\t\t    \t\t\t\t<\/a>\n\t\t\t\t\t\t\t    \t\t\t<\/figure>\n\t\t\t\t<div class=\"post-content\">\n\t\t<div class=\"post-content-inner\">\n\n\t\t\t\t\t\t\t\t<div class=\"post-date-wrap\">\n\t\t<time class=\"post-date entry-date updated\" datetime=\"2026-05-24\">\n\t\t\t\t\t\t\t\t<span class=\"day\">24<\/span> <span class=\"month\">maio<\/span> <span class=\"year\">2026<\/span> \t\t\t\t<\/time>\n\t<\/div><!-- .post-date-wrap -->\n\t\t\t\t\n\t\t\t<h2 class=\"post-title entry-title\"><a href=\"https:\/\/comunicacaoestrategicacps.com.br\/blog\/seu-treino-esta-pesado-demais-ou-leve-demais-descubra-o-ponto-ideal\/\">Seu treino est\u00e1 pesado demais ou leve demais? Descubra o ponto ideal<\/a><\/h2>\n\t\t\t\n\t\t\t\n\t\t\t\t<div class=\"entry-content\">\n\n        \n\t<\/div><!-- \/.entry-content -->\n\t\n\t\t<\/div>\n\t\t<!-- \/.post-content-inner -->\n\t<\/div>\n\t<!-- \/.post-content -->\n\t\n<\/article>\n<!-- \/.post -->\n<\/div><!-- .builder-posts-wrap -->\n    <\/div>\n    <!-- \/module post -->\n                    <\/div>\n                            <\/div>\n                        <div  data-lazy=\"1\" class=\"module_column tb-column col3-1 tb_rlk3851 last\">\n                                                        <div class=\"tb-column-inner tf_box tf_w\">\n                        <!-- module fancy heading -->\n<div  class=\"module module-fancy-heading tb_tkr1721 \" data-lazy=\"1\">\n        <h3 class=\"fancy-heading tf_textc\">\n    <span class=\"main-head tf_block\">\n\t\t\t\t\tEmpreendedorismo\t\t    <\/span>\n\n\t\n    <span class=\"sub-head tf_block tf_rel\">\n\t\t\t\t\t\t\t    <\/span>\n    <\/h3>\n<\/div>\n<!-- \/module fancy heading -->\n<!-- module post -->\n<div  class=\"module module-post tb_yjhf428  tb_fullwidth_image\">\n        <div  class=\"builder-posts-wrap loops-wrapper list-post classic tf_clear tf_clearfix\" data-lazy=\"1\">\n\t<article id=\"post-4151\" class=\"post tf_clearfix post-4151 type-post status-publish format-standard has-post-thumbnail hentry category-empreendedorismo category-geral has-post-title has-post-date has-post-category has-post-tag has-post-comment has-post-author \">\n\t    \n\t\t\t\t<figure class=\"post-image tf_clearfix\">\n\t\t\t    \t\t\t\t\t\t\t\t<a href=\"https:\/\/comunicacaoestrategicacps.com.br\/blog\/agencia-sports-trip-inaugura-franquia-em-piracicaba-com-proposta-que-une-turismo-e-paixao-pelo-esporte\/\">\n\t\t\t\t\t\t\t\t<img loading=\"lazy\" decoding=\"async\" width=\"1101\" height=\"1280\" src=\"https:\/\/comunicacaoestrategicacps.com.br\/blog\/wp-content\/uploads\/2026\/08\/sports-piracicaba-4-scaled.jpeg\" class=\"wp-post-image wp-image-4164\" title=\"sports piracicaba\" alt=\"sports piracicaba\" srcset=\"https:\/\/comunicacaoestrategicacps.com.br\/blog\/wp-content\/uploads\/2026\/08\/sports-piracicaba-4-scaled.jpeg 1101w, https:\/\/comunicacaoestrategicacps.com.br\/blog\/wp-content\/uploads\/2026\/08\/sports-piracicaba-4-258x300.jpeg 258w, https:\/\/comunicacaoestrategicacps.com.br\/blog\/wp-content\/uploads\/2026\/08\/sports-piracicaba-4-881x1024.jpeg 881w, https:\/\/comunicacaoestrategicacps.com.br\/blog\/wp-content\/uploads\/2026\/08\/sports-piracicaba-4-768x893.jpeg 768w\" sizes=\"auto, (max-width: 1101px) 100vw, 1101px\" \/>\t\t\t\t\t\t\t\t    \t\t\t\t<\/a>\n\t\t\t\t\t\t\t    \t\t\t<\/figure>\n\t\t\t\t<div class=\"post-content\">\n\t\t<div class=\"post-content-inner\">\n\n\t\t\t\t\t\t\t\t<div class=\"post-date-wrap\">\n\t\t<time class=\"post-date entry-date updated\" datetime=\"2026-08-11\">\n\t\t\t\t\t\t\t\t<span class=\"day\">11<\/span> <span class=\"month\">agosto<\/span> <span class=\"year\">2026<\/span> \t\t\t\t<\/time>\n\t<\/div><!-- .post-date-wrap -->\n\t\t\t\t\n\t\t\t<h2 class=\"post-title entry-title\"><a href=\"https:\/\/comunicacaoestrategicacps.com.br\/blog\/agencia-sports-trip-inaugura-franquia-em-piracicaba-com-proposta-que-une-turismo-e-paixao-pelo-esporte\/\">Ag\u00eancia Sports Trip inaugura franquia em Piracicaba com proposta que une turismo e paix\u00e3o pelo esporte<\/a><\/h2>\n\t\t\t\n\t\t\t\n\t\t\t\t<div class=\"entry-content\">\n\n        \n\t<\/div><!-- \/.entry-content -->\n\t\n\t\t<\/div>\n\t\t<!-- \/.post-content-inner -->\n\t<\/div>\n\t<!-- \/.post-content -->\n\t\n<\/article>\n<!-- \/.post -->\n<article id=\"post-4144\" class=\"post tf_clearfix post-4144 type-post status-publish format-standard has-post-thumbnail hentry category-empreendedorismo has-post-title has-post-date has-post-category has-post-tag has-post-comment has-post-author \">\n\t    \n\t\t\t\t<figure class=\"post-image tf_clearfix\">\n\t\t\t    \t\t\t\t\t\t\t\t<a href=\"https:\/\/comunicacaoestrategicacps.com.br\/blog\/kindai-inaugura-nova-unidade-em-barao-geraldo-e-fortalece-expansao-na-regiao-metropolitana-de-campinas\/\">\n\t\t\t\t\t\t\t\t<img loading=\"lazy\" decoding=\"async\" width=\"1280\" height=\"743\" src=\"https:\/\/comunicacaoestrategicacps.com.br\/blog\/wp-content\/uploads\/2026\/08\/vitoria-express-scaled.jpeg\" class=\"wp-post-image wp-image-4145\" title=\"vitoria express\" alt=\"vitoria express\" srcset=\"https:\/\/comunicacaoestrategicacps.com.br\/blog\/wp-content\/uploads\/2026\/08\/vitoria-express-scaled.jpeg 1280w, https:\/\/comunicacaoestrategicacps.com.br\/blog\/wp-content\/uploads\/2026\/08\/vitoria-express-300x174.jpeg 300w, https:\/\/comunicacaoestrategicacps.com.br\/blog\/wp-content\/uploads\/2026\/08\/vitoria-express-1024x594.jpeg 1024w, https:\/\/comunicacaoestrategicacps.com.br\/blog\/wp-content\/uploads\/2026\/08\/vitoria-express-768x446.jpeg 768w\" sizes=\"auto, (max-width: 1280px) 100vw, 1280px\" \/>\t\t\t\t\t\t\t\t    \t\t\t\t<\/a>\n\t\t\t\t\t\t\t    \t\t\t<\/figure>\n\t\t\t\t<div class=\"post-content\">\n\t\t<div class=\"post-content-inner\">\n\n\t\t\t\t\t\t\t\t<div class=\"post-date-wrap\">\n\t\t<time class=\"post-date entry-date updated\" datetime=\"2026-08-06\">\n\t\t\t\t\t\t\t\t<span class=\"day\">06<\/span> <span class=\"month\">agosto<\/span> <span class=\"year\">2026<\/span> \t\t\t\t<\/time>\n\t<\/div><!-- .post-date-wrap -->\n\t\t\t\t\n\t\t\t<h2 class=\"post-title entry-title\"><a href=\"https:\/\/comunicacaoestrategicacps.com.br\/blog\/kindai-inaugura-nova-unidade-em-barao-geraldo-e-fortalece-expansao-na-regiao-metropolitana-de-campinas\/\">Kindai inaugura nova unidade em Bar\u00e3o Geraldo e fortalece expans\u00e3o na Regi\u00e3o Metropolitana de Campinas<\/a><\/h2>\n\t\t\t\n\t\t\t\n\t\t\t\t<div class=\"entry-content\">\n\n        \n\t<\/div><!-- \/.entry-content -->\n\t\n\t\t<\/div>\n\t\t<!-- \/.post-content-inner -->\n\t<\/div>\n\t<!-- \/.post-content -->\n\t\n<\/article>\n<!-- \/.post -->\n<\/div><!-- .builder-posts-wrap -->\n    <\/div>\n    <!-- \/module post -->\n                    <\/div>\n                            <\/div>\n            \t    <\/div>\n\t    <!-- \/row_inner -->\n\t<\/div>\n\t<!-- \/module_row -->\n\t<\/div>\n<!--\/themify_builder_content-->","protected":false},"excerpt":{"rendered":"<p>\u00daltimas Not\u00edcias por Categoria Economia Gastronomia Merc. Imobili\u00e1rio Jur\u00eddico Esporte e Sa\u00fade Empreendedorismo<\/p>\n","protected":false},"author":1,"featured_media":0,"parent":0,"menu_order":0,"comment_status":"closed","ping_status":"closed","template":"","meta":{"footnotes":""},"class_list":["post-426","page","type-page","status-publish","hentry","has-post-title","has-post-date","has-post-category","has-post-tag","has-post-comment","has-post-author",""],"yoast_head":"<!-- This site is optimized with the Yoast SEO plugin v28.4 - https:\/\/yoast.com\/product\/yoast-seo-wordpress\/ -->\n<title>Home - Comunica\u00e7\u00e3o Estrat\u00e9gica<\/title>\n<meta name=\"robots\" content=\"index, follow, max-snippet:-1, max-image-preview:large, max-video-preview:-1\" \/>\n<link rel=\"canonical\" href=\"https:\/\/comunicacaoestrategicacps.com.br\/blog\/\" \/>\n<meta property=\"og:locale\" content=\"pt_BR\" \/>\n<meta property=\"og:type\" content=\"article\" \/>\n<meta property=\"og:title\" content=\"Home - Comunica\u00e7\u00e3o Estrat\u00e9gica\" \/>\n<meta property=\"og:description\" content=\"\u00daltimas Not\u00edcias por Categoria Economia Gastronomia Merc. Imobili\u00e1rio Jur\u00eddico Esporte e Sa\u00fade Empreendedorismo\" \/>\n<meta property=\"og:url\" content=\"https:\/\/comunicacaoestrategicacps.com.br\/blog\/\" \/>\n<meta property=\"og:site_name\" content=\"Comunica\u00e7\u00e3o Estrat\u00e9gica\" \/>\n<meta property=\"article:modified_time\" content=\"2020-02-14T21:26:31+00:00\" \/>\n<meta property=\"og:image\" content=\"https:\/\/comunicacaoestrategicacps.com.br\/blog\/wp-content\/uploads\/2019\/12\/icon-logo__300x300.png\" \/>\n\t<meta property=\"og:image:width\" content=\"300\" \/>\n\t<meta property=\"og:image:height\" content=\"300\" \/>\n\t<meta property=\"og:image:type\" content=\"image\/png\" \/>\n<meta name=\"twitter:card\" content=\"summary_large_image\" \/>\n<script type=\"application\/ld+json\" class=\"yoast-schema-graph\">{\"@context\":\"https:\\\/\\\/schema.org\",\"@graph\":[{\"@type\":\"WebPage\",\"@id\":\"https:\\\/\\\/comunicacaoestrategicacps.com.br\\\/blog\\\/\",\"url\":\"https:\\\/\\\/comunicacaoestrategicacps.com.br\\\/blog\\\/\",\"name\":\"Home - Comunica\u00e7\u00e3o Estrat\u00e9gica\",\"isPartOf\":{\"@id\":\"https:\\\/\\\/comunicacaoestrategicacps.com.br\\\/blog\\\/#website\"},\"datePublished\":\"2019-05-02T04:01:26+00:00\",\"dateModified\":\"2020-02-14T21:26:31+00:00\",\"breadcrumb\":{\"@id\":\"https:\\\/\\\/comunicacaoestrategicacps.com.br\\\/blog\\\/#breadcrumb\"},\"inLanguage\":\"pt-BR\",\"potentialAction\":[{\"@type\":\"ReadAction\",\"target\":[\"https:\\\/\\\/comunicacaoestrategicacps.com.br\\\/blog\\\/\"]}]},{\"@type\":\"BreadcrumbList\",\"@id\":\"https:\\\/\\\/comunicacaoestrategicacps.com.br\\\/blog\\\/#breadcrumb\",\"itemListElement\":[{\"@type\":\"ListItem\",\"position\":1,\"name\":\"In\u00edcio\",\"item\":\"https:\\\/\\\/comunicacaoestrategicacps.com.br\\\/blog\\\/\"},{\"@type\":\"ListItem\",\"position\":2,\"name\":\"Home\"}]},{\"@type\":\"WebSite\",\"@id\":\"https:\\\/\\\/comunicacaoestrategicacps.com.br\\\/blog\\\/#website\",\"url\":\"https:\\\/\\\/comunicacaoestrategicacps.com.br\\\/blog\\\/\",\"name\":\"Comunica\u00e7\u00e3o Estrat\u00e9gica\",\"description\":\"Comunica\u00e7\u00e3o Estrat\u00e9gica  - Assessoria de Imprensa\",\"potentialAction\":[{\"@type\":\"SearchAction\",\"target\":{\"@type\":\"EntryPoint\",\"urlTemplate\":\"https:\\\/\\\/comunicacaoestrategicacps.com.br\\\/blog\\\/?s={search_term_string}\"},\"query-input\":{\"@type\":\"PropertyValueSpecification\",\"valueRequired\":true,\"valueName\":\"search_term_string\"}}],\"inLanguage\":\"pt-BR\"}]}<\/script>\n<!-- \/ Yoast SEO plugin. -->","yoast_head_json":{"title":"Home - Comunica\u00e7\u00e3o Estrat\u00e9gica","robots":{"index":"index","follow":"follow","max-snippet":"max-snippet:-1","max-image-preview":"max-image-preview:large","max-video-preview":"max-video-preview:-1"},"canonical":"https:\/\/comunicacaoestrategicacps.com.br\/blog\/","og_locale":"pt_BR","og_type":"article","og_title":"Home - Comunica\u00e7\u00e3o Estrat\u00e9gica","og_description":"\u00daltimas Not\u00edcias por Categoria Economia Gastronomia Merc. Imobili\u00e1rio Jur\u00eddico Esporte e Sa\u00fade Empreendedorismo","og_url":"https:\/\/comunicacaoestrategicacps.com.br\/blog\/","og_site_name":"Comunica\u00e7\u00e3o Estrat\u00e9gica","article_modified_time":"2020-02-14T21:26:31+00:00","og_image":[{"width":300,"height":300,"url":"https:\/\/comunicacaoestrategicacps.com.br\/blog\/wp-content\/uploads\/2019\/12\/icon-logo__300x300.png","type":"image\/png"}],"twitter_card":"summary_large_image","schema":{"@context":"https:\/\/schema.org","@graph":[{"@type":"WebPage","@id":"https:\/\/comunicacaoestrategicacps.com.br\/blog\/","url":"https:\/\/comunicacaoestrategicacps.com.br\/blog\/","name":"Home - Comunica\u00e7\u00e3o Estrat\u00e9gica","isPartOf":{"@id":"https:\/\/comunicacaoestrategicacps.com.br\/blog\/#website"},"datePublished":"2019-05-02T04:01:26+00:00","dateModified":"2020-02-14T21:26:31+00:00","breadcrumb":{"@id":"https:\/\/comunicacaoestrategicacps.com.br\/blog\/#breadcrumb"},"inLanguage":"pt-BR","potentialAction":[{"@type":"ReadAction","target":["https:\/\/comunicacaoestrategicacps.com.br\/blog\/"]}]},{"@type":"BreadcrumbList","@id":"https:\/\/comunicacaoestrategicacps.com.br\/blog\/#breadcrumb","itemListElement":[{"@type":"ListItem","position":1,"name":"In\u00edcio","item":"https:\/\/comunicacaoestrategicacps.com.br\/blog\/"},{"@type":"ListItem","position":2,"name":"Home"}]},{"@type":"WebSite","@id":"https:\/\/comunicacaoestrategicacps.com.br\/blog\/#website","url":"https:\/\/comunicacaoestrategicacps.com.br\/blog\/","name":"Comunica\u00e7\u00e3o Estrat\u00e9gica","description":"Comunica\u00e7\u00e3o Estrat\u00e9gica  - Assessoria de Imprensa","potentialAction":[{"@type":"SearchAction","target":{"@type":"EntryPoint","urlTemplate":"https:\/\/comunicacaoestrategicacps.com.br\/blog\/?s={search_term_string}"},"query-input":{"@type":"PropertyValueSpecification","valueRequired":true,"valueName":"search_term_string"}}],"inLanguage":"pt-BR"}]}},"builder_content":"<h3>\u00daltimas Not\u00edcias por Categoria<br\/><\/h3>\n<h3>Economia<br\/><\/h3>\n<h3>Gastronomia<br\/><\/h3>\n<h3>Merc. Imobili\u00e1rio<br\/><\/h3>\n<h3>Jur\u00eddico<br\/><\/h3>\n<h3>Esporte e Sa\u00fade<br\/><\/h3>\n<h3>Empreendedorismo<br\/><\/h3>","_links":{"self":[{"href":"https:\/\/comunicacaoestrategicacps.com.br\/blog\/wp-json\/wp\/v2\/pages\/426","targetHints":{"allow":["GET"]}}],"collection":[{"href":"https:\/\/comunicacaoestrategicacps.com.br\/blog\/wp-json\/wp\/v2\/pages"}],"about":[{"href":"https:\/\/comunicacaoestrategicacps.com.br\/blog\/wp-json\/wp\/v2\/types\/page"}],"author":[{"embeddable":true,"href":"https:\/\/comunicacaoestrategicacps.com.br\/blog\/wp-json\/wp\/v2\/users\/1"}],"replies":[{"embeddable":true,"href":"https:\/\/comunicacaoestrategicacps.com.br\/blog\/wp-json\/wp\/v2\/comments?post=426"}],"version-history":[{"count":20,"href":"https:\/\/comunicacaoestrategicacps.com.br\/blog\/wp-json\/wp\/v2\/pages\/426\/revisions"}],"predecessor-version":[{"id":551,"href":"https:\/\/comunicacaoestrategicacps.com.br\/blog\/wp-json\/wp\/v2\/pages\/426\/revisions\/551"}],"wp:attachment":[{"href":"https:\/\/comunicacaoestrategicacps.com.br\/blog\/wp-json\/wp\/v2\/media?parent=426"}],"curies":[{"name":"wp","href":"https:\/\/api.w.org\/{rel}","templated":true}]}}